{"id":4238,"date":"2019-04-24T11:34:07","date_gmt":"2019-04-24T09:34:07","guid":{"rendered":"https:\/\/www.omgonline.it\/?page_id=4238"},"modified":"2023-10-31T15:52:04","modified_gmt":"2023-10-31T14:52:04","slug":"news","status":"publish","type":"page","link":"https:\/\/www.omgonline.it\/it\/news\/","title":{"rendered":"News"},"content":{"rendered":"\t\t<div data-elementor-type=\"wp-page\" data-elementor-id=\"4238\" class=\"elementor elementor-4238\">\n\t\t\t\t<div class=\"elementor-element elementor-element-569b864 e-flex e-con-boxed wpr-equal-height-no e-con e-parent\" data-id=\"569b864\" data-element_type=\"container\" data-e-type=\"container\">\n\t\t\t\t\t<div class=\"e-con-inner\">\n\t\t\t\t<div class=\"elementor-element elementor-element-7536dfa y-bread elementor-widget elementor-widget-text-editor\" data-id=\"7536dfa\" data-element_type=\"widget\" data-e-type=\"widget\" data-widget_type=\"text-editor.default\">\n\t\t\t\t<div class=\"elementor-widget-container\">\n\t\t\t\t\t\t\t\t\t<span><span><a href=\"https:\/\/www.omgonline.it\/it\/\">Home<\/a><\/span><\/span>\t\t\t\t\t\t\t\t<\/div>\n\t\t\t\t<\/div>\n\t\t\t\t\t<\/div>\n\t\t\t\t<\/div>\n\t\t<div class=\"elementor-element elementor-element-0db0bd9 e-flex e-con-boxed wpr-equal-height-no e-con e-parent\" data-id=\"0db0bd9\" data-element_type=\"container\" data-e-type=\"container\">\n\t\t\t\t\t<div class=\"e-con-inner\">\n\t\t\t\t<div class=\"elementor-element elementor-element-8805f93 elementor-widget elementor-widget-heading\" data-id=\"8805f93\" data-element_type=\"widget\" data-e-type=\"widget\" data-widget_type=\"heading.default\">\n\t\t\t\t<div class=\"elementor-widget-container\">\n\t\t\t\t\t<h1 class=\"elementor-heading-title elementor-size-default\">News<\/h1>\t\t\t\t<\/div>\n\t\t\t\t<\/div>\n\t\t\t\t<div class=\"elementor-element elementor-element-d4e8ed5 elementor-widget elementor-widget-elementskit-blog-posts\" data-id=\"d4e8ed5\" data-element_type=\"widget\" data-e-type=\"widget\" data-widget_type=\"elementskit-blog-posts.default\">\n\t\t\t\t<div class=\"elementor-widget-container\">\n\t\t\t\t\t<div class=\"ekit-wid-con\" >        <div id=\"post-items--d4e8ed5\" class=\"row post-items\">\n                    <div class=\"col-lg-4 col-md-6\">\n\n                                    <div class=\"elementskit-post-image-card\">\n                        <div class=\"elementskit-entry-header\">\n                                                            <a href=\"https:\/\/www.omgonline.it\/it\/pasqua26\/\" class=\"elementskit-entry-thumb\">\n                                    <img decoding=\"async\" src=\"https:\/\/www.omgonline.it\/wp-content\/uploads\/2026\/04\/BUONA-PASQUA-2026.png\" alt=\"BUONA PASQUA 2026\">\n                                <\/a><!-- .elementskit-entry-thumb END -->\n                                                            \n                            \n\t\t\t\t\t\t\t\t\t\t\t\t\t<\/div><!-- .elementskit-entry-header END -->\n\n\t\t\t\t\t\t<div class=\"elementskit-post-body \">\n\t\t\t\t\t\t\t\n\t\t\t\t\t\t\t\t\t\t\t\t\t\t\t\t\t\t\t\t\t\t\t\t\t\t\t\t<div class=\"post-meta-list\">\n\t\t\t\t\t\t\t\t\t\t\t\t\t\t\t\t\t\t\t\t\t\t\t\t\t\t\t\t\t\t\t\t<span class=\"meta-date\">\n\t\t\t\t\t\t\t\t\t\t<i aria-hidden=\"true\" class=\"icon icon-calendar3\"><\/i>\t\t\t\t\t\t\t\t\t\t<span class=\"meta-date-text\">\n\t\t\t\t\t\t\t\t\t\t\t2 Aprile 2026\t\t\t\t\t\t\t\t\t\t<\/span>\n\t\t\t\t\t\t\t\t\t<\/span>\n\t\t\t\t\t\t\t\t\t\t\t\t\t\t\t\t\t\t\t\t\t\t\t\t\t\t\t\t\t\t\t\t\t\t\t\t\t\t\t\t\t\t\t\t\t\t\t\t\t\t\t\t\t\t\t\t\t\t\t\t\t\t\t\t<span class=\"post-cat\">\n\t\t\t\t\t\t\t\t\t\t<i aria-hidden=\"true\" class=\"icon icon-folder\"><\/i>\t\t\t\t\t\t\t\t\t\t<a href=\"https:\/\/www.omgonline.it\/it\/.\/eventi\/\" rel=\"category tag\">Eventi<\/a>\t\t\t\t\t\t\t\t\t<\/span>\n\t\t\t\t\t\t\t\t\t\t\t\t\t\t\t\t\t\t\t\t\t\t\t\t\t\t\t\t\t<\/div>\n\t\t\t\t\t\t\t\t\t\t\t\t\t\n\t\t\t\t\t\t\t\t\n\t\t\t\t\t\t\t\t\t\t\t\t\t\t\t\t\t\t\t\t\t<h2 class=\"entry-title\">\n\t\t\t\t\t<a href=\"https:\/\/www.omgonline.it\/it\/pasqua26\/\">\n\t\t\t\t\t\tBUONA PASQUA 2026\t\t\t\t\t<\/a>\n\t\t\t\t<\/h2>\n\t\t\t\t\t\t\t\t\t\t\t\t\t\t\t\t\t\t\t\t\t\t\t\t\t\t\t\t\t\t\t\t\t\t\t\t\t\t\t\t\t\t<p>In occasione della Pasqua, desideriamo augurare a tutti voi momenti di serenit\u00e0, rinnovamento e positivit\u00e0.&hellip;<\/p>\n\t\t\t\t\t\t\t\t\t\t\t\t\t\t\t\t\t\t\t\t\t\t                                                            <div class=\"btn-wraper\">\n                                                                            <a class=\"elementskit-btn whitespace--normal\" id=\"\" href=\"https:\/\/www.omgonline.it\/it\/pasqua26\/\">\n                                            Continua a leggere                                            <i aria-hidden=\"true\" class=\"fas fa-plus\"><\/i>                                        <\/a>\n                                    \n                                                                    <\/div>\n                                                    <\/div><!-- .elementskit-post-body END -->\n                    <\/div>\n                \n            <\/div>\n                    <div class=\"col-lg-4 col-md-6\">\n\n                                    <div class=\"elementskit-post-image-card\">\n                        <div class=\"elementskit-entry-header\">\n                                                            <a href=\"https:\/\/www.omgonline.it\/it\/certificatoiso\/\" class=\"elementskit-entry-thumb\">\n                                    <img decoding=\"async\" src=\"https:\/\/www.omgonline.it\/wp-content\/uploads\/2025\/11\/ISO-9001-Qualita.webp\" alt=\"CERTIFICAZIONE ISO 9001\">\n                                <\/a><!-- .elementskit-entry-thumb END -->\n                                                            \n                            \n\t\t\t\t\t\t\t\t\t\t\t\t\t<\/div><!-- .elementskit-entry-header END -->\n\n\t\t\t\t\t\t<div class=\"elementskit-post-body \">\n\t\t\t\t\t\t\t\n\t\t\t\t\t\t\t\t\t\t\t\t\t\t\t\t\t\t\t\t\t\t\t\t\t\t\t\t<div class=\"post-meta-list\">\n\t\t\t\t\t\t\t\t\t\t\t\t\t\t\t\t\t\t\t\t\t\t\t\t\t\t\t\t\t\t\t\t<span class=\"meta-date\">\n\t\t\t\t\t\t\t\t\t\t<i aria-hidden=\"true\" class=\"icon icon-calendar3\"><\/i>\t\t\t\t\t\t\t\t\t\t<span class=\"meta-date-text\">\n\t\t\t\t\t\t\t\t\t\t\t24 Novembre 2025\t\t\t\t\t\t\t\t\t\t<\/span>\n\t\t\t\t\t\t\t\t\t<\/span>\n\t\t\t\t\t\t\t\t\t\t\t\t\t\t\t\t\t\t\t\t\t\t\t\t\t\t\t\t\t\t\t\t\t\t\t\t\t\t\t\t\t\t\t\t\t\t\t\t\t\t\t\t\t\t\t\t\t\t\t\t\t\t\t\t<span class=\"post-cat\">\n\t\t\t\t\t\t\t\t\t\t<i aria-hidden=\"true\" class=\"icon icon-folder\"><\/i>\t\t\t\t\t\t\t\t\t\t<a href=\"https:\/\/www.omgonline.it\/it\/.\/eventi\/\" rel=\"category tag\">Eventi<\/a>\t\t\t\t\t\t\t\t\t<\/span>\n\t\t\t\t\t\t\t\t\t\t\t\t\t\t\t\t\t\t\t\t\t\t\t\t\t\t\t\t\t<\/div>\n\t\t\t\t\t\t\t\t\t\t\t\t\t\n\t\t\t\t\t\t\t\t\n\t\t\t\t\t\t\t\t\t\t\t\t\t\t\t\t\t\t\t\t\t<h2 class=\"entry-title\">\n\t\t\t\t\t<a href=\"https:\/\/www.omgonline.it\/it\/certificatoiso\/\">\n\t\t\t\t\t\tCERTIFICAZIONE ISO 9001\t\t\t\t\t<\/a>\n\t\t\t\t<\/h2>\n\t\t\t\t\t\t\t\t\t\t\t\t\t\t\t\t\t\t\t\t\t\t\t\t\t\t\t\t\t\t\t\t\t\t\t\t\t\t\t\t\t\t<p>Siamo orgogliosi di annunciare il conseguimento della certificazione ISO 9001, un traguardo che testimonia la&hellip;<\/p>\n\t\t\t\t\t\t\t\t\t\t\t\t\t\t\t\t\t\t\t\t\t\t                                                            <div class=\"btn-wraper\">\n                                                                            <a class=\"elementskit-btn whitespace--normal\" id=\"\" href=\"https:\/\/www.omgonline.it\/it\/certificatoiso\/\">\n                                            Continua a leggere                                            <i aria-hidden=\"true\" class=\"fas fa-plus\"><\/i>                                        <\/a>\n                                    \n                                                                    <\/div>\n                                                    <\/div><!-- .elementskit-post-body END -->\n                    <\/div>\n                \n            <\/div>\n                    <div class=\"col-lg-4 col-md-6\">\n\n                                    <div class=\"elementskit-post-image-card\">\n                        <div class=\"elementskit-entry-header\">\n                                                            <a href=\"https:\/\/www.omgonline.it\/it\/eisenwarenmesse26\/\" class=\"elementskit-entry-thumb\">\n                                    <img decoding=\"async\" src=\"https:\/\/www.omgonline.it\/wp-content\/uploads\/2025\/11\/eisenwarenmesse-9.png\" alt=\"EISENWARENMESSE &#8211; INTERNATIONAL HARDWARE FAIR 2026 &#8211; COLONIA\">\n                                <\/a><!-- .elementskit-entry-thumb END -->\n                                                            \n                            \n\t\t\t\t\t\t\t\t\t\t\t\t\t<\/div><!-- .elementskit-entry-header END -->\n\n\t\t\t\t\t\t<div class=\"elementskit-post-body \">\n\t\t\t\t\t\t\t\n\t\t\t\t\t\t\t\t\t\t\t\t\t\t\t\t\t\t\t\t\t\t\t\t\t\t\t\t<div class=\"post-meta-list\">\n\t\t\t\t\t\t\t\t\t\t\t\t\t\t\t\t\t\t\t\t\t\t\t\t\t\t\t\t\t\t\t\t<span class=\"meta-date\">\n\t\t\t\t\t\t\t\t\t\t<i aria-hidden=\"true\" class=\"icon icon-calendar3\"><\/i>\t\t\t\t\t\t\t\t\t\t<span class=\"meta-date-text\">\n\t\t\t\t\t\t\t\t\t\t\t20 Novembre 2025\t\t\t\t\t\t\t\t\t\t<\/span>\n\t\t\t\t\t\t\t\t\t<\/span>\n\t\t\t\t\t\t\t\t\t\t\t\t\t\t\t\t\t\t\t\t\t\t\t\t\t\t\t\t\t\t\t\t\t\t\t\t\t\t\t\t\t\t\t\t\t\t\t\t\t\t\t\t\t\t\t\t\t\t\t\t\t\t\t\t<span class=\"post-cat\">\n\t\t\t\t\t\t\t\t\t\t<i aria-hidden=\"true\" class=\"icon icon-folder\"><\/i>\t\t\t\t\t\t\t\t\t\t<a href=\"https:\/\/www.omgonline.it\/it\/.\/eventi\/\" rel=\"category tag\">Eventi<\/a>\t\t\t\t\t\t\t\t\t<\/span>\n\t\t\t\t\t\t\t\t\t\t\t\t\t\t\t\t\t\t\t\t\t\t\t\t\t\t\t\t\t<\/div>\n\t\t\t\t\t\t\t\t\t\t\t\t\t\n\t\t\t\t\t\t\t\t\n\t\t\t\t\t\t\t\t\t\t\t\t\t\t\t\t\t\t\t\t\t<h2 class=\"entry-title\">\n\t\t\t\t\t<a href=\"https:\/\/www.omgonline.it\/it\/eisenwarenmesse26\/\">\n\t\t\t\t\t\tEISENWARENMESSE &#8211; INTERNATIONAL HARDWARE FAIR 2026 &#8211; COLONIA\t\t\t\t\t<\/a>\n\t\t\t\t<\/h2>\n\t\t\t\t\t\t\t\t\t\t\t\t\t\t\t\t\t\t\t\t\t\t\t\t\t\t\t\t\t\t\t\t\t\t\t\t\t\t\t\t\t\t<p>Abbiamo partecipato alla EISENWARENMESSE &#8211; INTERNATIONAL HARDWARE FAIR 2026 a Colonia (Germania), dal 3 al&hellip;<\/p>\n\t\t\t\t\t\t\t\t\t\t\t\t\t\t\t\t\t\t\t\t\t\t                                                            <div class=\"btn-wraper\">\n                                                                            <a class=\"elementskit-btn whitespace--normal\" id=\"\" href=\"https:\/\/www.omgonline.it\/it\/eisenwarenmesse26\/\">\n                                            Continua a leggere                                            <i aria-hidden=\"true\" class=\"fas fa-plus\"><\/i>                                        <\/a>\n                                    \n                                                                    <\/div>\n                                                    <\/div><!-- .elementskit-post-body END -->\n                    <\/div>\n                \n            <\/div>\n                    <div class=\"col-lg-4 col-md-6\">\n\n                                    <div class=\"elementskit-post-image-card\">\n                        <div class=\"elementskit-entry-header\">\n                                                            <a href=\"https:\/\/www.omgonline.it\/it\/eisenwarenmesse25\/\" class=\"elementskit-entry-thumb\">\n                                    <img decoding=\"async\" src=\"https:\/\/www.omgonline.it\/wp-content\/uploads\/2025\/03\/hardware-fair-italy-postcard-hallA-standC28-pdf.jpg\" alt=\"INTERNATIONAL HARDWARE FAIR ITALY 2025 &#8211; BERGAMO\">\n                                <\/a><!-- .elementskit-entry-thumb END -->\n                                                            \n                            \n\t\t\t\t\t\t\t\t\t\t\t\t\t<\/div><!-- .elementskit-entry-header END -->\n\n\t\t\t\t\t\t<div class=\"elementskit-post-body \">\n\t\t\t\t\t\t\t\n\t\t\t\t\t\t\t\t\t\t\t\t\t\t\t\t\t\t\t\t\t\t\t\t\t\t\t\t<div class=\"post-meta-list\">\n\t\t\t\t\t\t\t\t\t\t\t\t\t\t\t\t\t\t\t\t\t\t\t\t\t\t\t\t\t\t\t\t<span class=\"meta-date\">\n\t\t\t\t\t\t\t\t\t\t<i aria-hidden=\"true\" class=\"icon icon-calendar3\"><\/i>\t\t\t\t\t\t\t\t\t\t<span class=\"meta-date-text\">\n\t\t\t\t\t\t\t\t\t\t\t28 Marzo 2025\t\t\t\t\t\t\t\t\t\t<\/span>\n\t\t\t\t\t\t\t\t\t<\/span>\n\t\t\t\t\t\t\t\t\t\t\t\t\t\t\t\t\t\t\t\t\t\t\t\t\t\t\t\t\t\t\t\t\t\t\t\t\t\t\t\t\t\t\t\t\t\t\t\t\t\t\t\t\t\t\t\t\t\t\t\t\t\t\t\t<span class=\"post-cat\">\n\t\t\t\t\t\t\t\t\t\t<i aria-hidden=\"true\" class=\"icon icon-folder\"><\/i>\t\t\t\t\t\t\t\t\t\t<a href=\"https:\/\/www.omgonline.it\/it\/.\/eventi\/\" rel=\"category tag\">Eventi<\/a>\t\t\t\t\t\t\t\t\t<\/span>\n\t\t\t\t\t\t\t\t\t\t\t\t\t\t\t\t\t\t\t\t\t\t\t\t\t\t\t\t\t<\/div>\n\t\t\t\t\t\t\t\t\t\t\t\t\t\n\t\t\t\t\t\t\t\t\n\t\t\t\t\t\t\t\t\t\t\t\t\t\t\t\t\t\t\t\t\t<h2 class=\"entry-title\">\n\t\t\t\t\t<a href=\"https:\/\/www.omgonline.it\/it\/eisenwarenmesse25\/\">\n\t\t\t\t\t\tINTERNATIONAL HARDWARE FAIR ITALY 2025 &#8211; BERGAMO\t\t\t\t\t<\/a>\n\t\t\t\t<\/h2>\n\t\t\t\t\t\t\t\t\t\t\t\t\t\t\t\t\t\t\t\t\t\t\t\t\t\t\t\t\t\t\t\t\t\t\t\t\t\t\t\t\t\t<p>Abbiamo partecipato alla Fiera INTERNATIONAL HARDWARE FAIR ITALY, a Bergamo, gioved\u00ec 8 e venerd\u00ec 9&hellip;<\/p>\n\t\t\t\t\t\t\t\t\t\t\t\t\t\t\t\t\t\t\t\t\t\t                                                            <div class=\"btn-wraper\">\n                                                                            <a class=\"elementskit-btn whitespace--normal\" id=\"\" href=\"https:\/\/www.omgonline.it\/it\/eisenwarenmesse25\/\">\n                                            Continua a leggere                                            <i aria-hidden=\"true\" class=\"fas fa-plus\"><\/i>                                        <\/a>\n                                    \n                                                                    <\/div>\n                                                    <\/div><!-- .elementskit-post-body END -->\n                    <\/div>\n                \n            <\/div>\n                    <div class=\"col-lg-4 col-md-6\">\n\n                                    <div class=\"elementskit-post-image-card\">\n                        <div class=\"elementskit-entry-header\">\n                                                            <a href=\"https:\/\/www.omgonline.it\/it\/45anni\/\" class=\"elementskit-entry-thumb\">\n                                    <img decoding=\"async\" src=\"https:\/\/www.omgonline.it\/wp-content\/uploads\/2025\/03\/Immagine2-1.jpg\" alt=\"45 ANNI DI O.M.G. GHIOTTO\">\n                                <\/a><!-- .elementskit-entry-thumb END -->\n                                                            \n                            \n\t\t\t\t\t\t\t\t\t\t\t\t\t<\/div><!-- .elementskit-entry-header END -->\n\n\t\t\t\t\t\t<div class=\"elementskit-post-body \">\n\t\t\t\t\t\t\t\n\t\t\t\t\t\t\t\t\t\t\t\t\t\t\t\t\t\t\t\t\t\t\t\t\t\t\t\t<div class=\"post-meta-list\">\n\t\t\t\t\t\t\t\t\t\t\t\t\t\t\t\t\t\t\t\t\t\t\t\t\t\t\t\t\t\t\t\t<span class=\"meta-date\">\n\t\t\t\t\t\t\t\t\t\t<i aria-hidden=\"true\" class=\"icon icon-calendar3\"><\/i>\t\t\t\t\t\t\t\t\t\t<span class=\"meta-date-text\">\n\t\t\t\t\t\t\t\t\t\t\t14 Marzo 2025\t\t\t\t\t\t\t\t\t\t<\/span>\n\t\t\t\t\t\t\t\t\t<\/span>\n\t\t\t\t\t\t\t\t\t\t\t\t\t\t\t\t\t\t\t\t\t\t\t\t\t\t\t\t\t\t\t\t\t\t\t\t\t\t\t\t\t\t\t\t\t\t\t\t\t\t\t\t\t\t\t\t\t\t\t\t\t\t\t\t<span class=\"post-cat\">\n\t\t\t\t\t\t\t\t\t\t<i aria-hidden=\"true\" class=\"icon icon-folder\"><\/i>\t\t\t\t\t\t\t\t\t\t<a href=\"https:\/\/www.omgonline.it\/it\/.\/eventi\/\" rel=\"category tag\">Eventi<\/a>\t\t\t\t\t\t\t\t\t<\/span>\n\t\t\t\t\t\t\t\t\t\t\t\t\t\t\t\t\t\t\t\t\t\t\t\t\t\t\t\t\t<\/div>\n\t\t\t\t\t\t\t\t\t\t\t\t\t\n\t\t\t\t\t\t\t\t\n\t\t\t\t\t\t\t\t\t\t\t\t\t\t\t\t\t\t\t\t\t<h2 class=\"entry-title\">\n\t\t\t\t\t<a href=\"https:\/\/www.omgonline.it\/it\/45anni\/\">\n\t\t\t\t\t\t45 ANNI DI O.M.G. GHIOTTO\t\t\t\t\t<\/a>\n\t\t\t\t<\/h2>\n\t\t\t\t\t\t\t\t\t\t\t\t\t\t\t\t\t\t\t\t\t\t\t\t\t\t\t\t\t\t\t\t\t\t\t\t\t\t\t\t\t\t<p>Da 45 anni, la nostra azienda \u00e8 sinonimo di qualit\u00e0, affidabilit\u00e0 e innovazione. \u00c8 la&hellip;<\/p>\n\t\t\t\t\t\t\t\t\t\t\t\t\t\t\t\t\t\t\t\t\t\t                                                            <div class=\"btn-wraper\">\n                                                                            <a class=\"elementskit-btn whitespace--normal\" id=\"\" href=\"https:\/\/www.omgonline.it\/it\/45anni\/\">\n                                            Continua a leggere                                            <i aria-hidden=\"true\" class=\"fas fa-plus\"><\/i>                                        <\/a>\n                                    \n                                                                    <\/div>\n                                                    <\/div><!-- .elementskit-post-body END -->\n                    <\/div>\n                \n            <\/div>\n                    <div class=\"col-lg-4 col-md-6\">\n\n                                    <div class=\"elementskit-post-image-card\">\n                        <div class=\"elementskit-entry-header\">\n                                                            <a href=\"https:\/\/www.omgonline.it\/it\/autopromotec25\/\" class=\"elementskit-entry-thumb\">\n                                    <img decoding=\"async\" src=\"https:\/\/www.omgonline.it\/wp-content\/uploads\/2025\/02\/3.png\" alt=\"AUTOPROMOTEC 2025 &#8211; BOLOGNA\">\n                                <\/a><!-- .elementskit-entry-thumb END -->\n                                                            \n                            \n\t\t\t\t\t\t\t\t\t\t\t\t\t<\/div><!-- .elementskit-entry-header END -->\n\n\t\t\t\t\t\t<div class=\"elementskit-post-body \">\n\t\t\t\t\t\t\t\n\t\t\t\t\t\t\t\t\t\t\t\t\t\t\t\t\t\t\t\t\t\t\t\t\t\t\t\t<div class=\"post-meta-list\">\n\t\t\t\t\t\t\t\t\t\t\t\t\t\t\t\t\t\t\t\t\t\t\t\t\t\t\t\t\t\t\t\t<span class=\"meta-date\">\n\t\t\t\t\t\t\t\t\t\t<i aria-hidden=\"true\" class=\"icon icon-calendar3\"><\/i>\t\t\t\t\t\t\t\t\t\t<span class=\"meta-date-text\">\n\t\t\t\t\t\t\t\t\t\t\t4 Febbraio 2025\t\t\t\t\t\t\t\t\t\t<\/span>\n\t\t\t\t\t\t\t\t\t<\/span>\n\t\t\t\t\t\t\t\t\t\t\t\t\t\t\t\t\t\t\t\t\t\t\t\t\t\t\t\t\t\t\t\t\t\t\t\t\t\t\t\t\t\t\t\t\t\t\t\t\t\t\t\t\t\t\t\t\t\t\t\t\t\t\t\t<span class=\"post-cat\">\n\t\t\t\t\t\t\t\t\t\t<i aria-hidden=\"true\" class=\"icon icon-folder\"><\/i>\t\t\t\t\t\t\t\t\t\t<a href=\"https:\/\/www.omgonline.it\/it\/.\/eventi\/\" rel=\"category tag\">Eventi<\/a>\t\t\t\t\t\t\t\t\t<\/span>\n\t\t\t\t\t\t\t\t\t\t\t\t\t\t\t\t\t\t\t\t\t\t\t\t\t\t\t\t\t<\/div>\n\t\t\t\t\t\t\t\t\t\t\t\t\t\n\t\t\t\t\t\t\t\t\n\t\t\t\t\t\t\t\t\t\t\t\t\t\t\t\t\t\t\t\t\t<h2 class=\"entry-title\">\n\t\t\t\t\t<a href=\"https:\/\/www.omgonline.it\/it\/autopromotec25\/\">\n\t\t\t\t\t\tAUTOPROMOTEC 2025 &#8211; BOLOGNA\t\t\t\t\t<\/a>\n\t\t\t\t<\/h2>\n\t\t\t\t\t\t\t\t\t\t\t\t\t\t\t\t\t\t\t\t\t\t\t\t\t\t\t\t\t\t\t\t\t\t\t\t\t\t\t\t\t\t<p>Abbiamo partecipato alla Fiera AUTOPROMOTEC, la pi\u00f9 specializzata rassegna internazionale delle attrezzature e dell\u2019aftermarket automobilistico,&hellip;<\/p>\n\t\t\t\t\t\t\t\t\t\t\t\t\t\t\t\t\t\t\t\t\t\t                                                            <div class=\"btn-wraper\">\n                                                                            <a class=\"elementskit-btn whitespace--normal\" id=\"\" href=\"https:\/\/www.omgonline.it\/it\/autopromotec25\/\">\n                                            Continua a leggere                                            <i aria-hidden=\"true\" class=\"fas fa-plus\"><\/i>                                        <\/a>\n                                    \n                                                                    <\/div>\n                                                    <\/div><!-- .elementskit-post-body END -->\n                    <\/div>\n                \n            <\/div>\n                    <div class=\"col-lg-4 col-md-6\">\n\n                                    <div class=\"elementskit-post-image-card\">\n                        <div class=\"elementskit-entry-header\">\n                                                            <a href=\"https:\/\/www.omgonline.it\/it\/fiera-automechanika24\/\" class=\"elementskit-entry-thumb\">\n                                    <img decoding=\"async\" src=\"https:\/\/www.omgonline.it\/wp-content\/uploads\/2024\/03\/automechanika-2024.jpg\" alt=\"AUTOMECHANIKA 2024 &#8211; FRANCOFORTE\">\n                                <\/a><!-- .elementskit-entry-thumb END -->\n                                                            \n                            \n\t\t\t\t\t\t\t\t\t\t\t\t\t<\/div><!-- .elementskit-entry-header END -->\n\n\t\t\t\t\t\t<div class=\"elementskit-post-body \">\n\t\t\t\t\t\t\t\n\t\t\t\t\t\t\t\t\t\t\t\t\t\t\t\t\t\t\t\t\t\t\t\t\t\t\t\t<div class=\"post-meta-list\">\n\t\t\t\t\t\t\t\t\t\t\t\t\t\t\t\t\t\t\t\t\t\t\t\t\t\t\t\t\t\t\t\t<span class=\"meta-date\">\n\t\t\t\t\t\t\t\t\t\t<i aria-hidden=\"true\" class=\"icon icon-calendar3\"><\/i>\t\t\t\t\t\t\t\t\t\t<span class=\"meta-date-text\">\n\t\t\t\t\t\t\t\t\t\t\t21 Marzo 2024\t\t\t\t\t\t\t\t\t\t<\/span>\n\t\t\t\t\t\t\t\t\t<\/span>\n\t\t\t\t\t\t\t\t\t\t\t\t\t\t\t\t\t\t\t\t\t\t\t\t\t\t\t\t\t\t\t\t\t\t\t\t\t\t\t\t\t\t\t\t\t\t\t\t\t\t\t\t\t\t\t\t\t\t\t\t\t\t\t\t<span class=\"post-cat\">\n\t\t\t\t\t\t\t\t\t\t<i aria-hidden=\"true\" class=\"icon icon-folder\"><\/i>\t\t\t\t\t\t\t\t\t\t<a href=\"https:\/\/www.omgonline.it\/it\/.\/eventi\/\" rel=\"category tag\">Eventi<\/a>\t\t\t\t\t\t\t\t\t<\/span>\n\t\t\t\t\t\t\t\t\t\t\t\t\t\t\t\t\t\t\t\t\t\t\t\t\t\t\t\t\t<\/div>\n\t\t\t\t\t\t\t\t\t\t\t\t\t\n\t\t\t\t\t\t\t\t\n\t\t\t\t\t\t\t\t\t\t\t\t\t\t\t\t\t\t\t\t\t<h2 class=\"entry-title\">\n\t\t\t\t\t<a href=\"https:\/\/www.omgonline.it\/it\/fiera-automechanika24\/\">\n\t\t\t\t\t\tAUTOMECHANIKA 2024 &#8211; FRANCOFORTE\t\t\t\t\t<\/a>\n\t\t\t\t<\/h2>\n\t\t\t\t\t\t\t\t\t\t\t\t\t\t\t\t\t\t\t\t\t\t\t\t\t\t\t\t\t\t\t\t\t\t\t\t\t\t\t\t\t\t<p>Abbiamo partecipato alla nuova edizione della Fiera AUTOMECHANIKA di Francoforte.\u00a0 Dal 10 al 14 Settembre&hellip;<\/p>\n\t\t\t\t\t\t\t\t\t\t\t\t\t\t\t\t\t\t\t\t\t\t                                                            <div class=\"btn-wraper\">\n                                                                            <a class=\"elementskit-btn whitespace--normal\" id=\"\" href=\"https:\/\/www.omgonline.it\/it\/fiera-automechanika24\/\">\n                                            Continua a leggere                                            <i aria-hidden=\"true\" class=\"fas fa-plus\"><\/i>                                        <\/a>\n                                    \n                                                                    <\/div>\n                                                    <\/div><!-- .elementskit-post-body END -->\n                    <\/div>\n                \n            <\/div>\n                    <div class=\"col-lg-4 col-md-6\">\n\n                                    <div class=\"elementskit-post-image-card\">\n                        <div class=\"elementskit-entry-header\">\n                                                            <a href=\"https:\/\/www.omgonline.it\/it\/fiera-autopromotec-2-2\/\" class=\"elementskit-entry-thumb\">\n                                    <img decoding=\"async\" src=\"https:\/\/www.omgonline.it\/wp-content\/uploads\/2024\/03\/eisenwarenmesse-5.png\" alt=\"INTERNATIONAL EISENWARENMESSE 2024 &#8211; COLONIA\">\n                                <\/a><!-- .elementskit-entry-thumb END -->\n                                                            \n                            \n\t\t\t\t\t\t\t\t\t\t\t\t\t<\/div><!-- .elementskit-entry-header END -->\n\n\t\t\t\t\t\t<div class=\"elementskit-post-body \">\n\t\t\t\t\t\t\t\n\t\t\t\t\t\t\t\t\t\t\t\t\t\t\t\t\t\t\t\t\t\t\t\t\t\t\t\t<div class=\"post-meta-list\">\n\t\t\t\t\t\t\t\t\t\t\t\t\t\t\t\t\t\t\t\t\t\t\t\t\t\t\t\t\t\t\t\t<span class=\"meta-date\">\n\t\t\t\t\t\t\t\t\t\t<i aria-hidden=\"true\" class=\"icon icon-calendar3\"><\/i>\t\t\t\t\t\t\t\t\t\t<span class=\"meta-date-text\">\n\t\t\t\t\t\t\t\t\t\t\t7 Marzo 2024\t\t\t\t\t\t\t\t\t\t<\/span>\n\t\t\t\t\t\t\t\t\t<\/span>\n\t\t\t\t\t\t\t\t\t\t\t\t\t\t\t\t\t\t\t\t\t\t\t\t\t\t\t\t\t\t\t\t\t\t\t\t\t\t\t\t\t\t\t\t\t\t\t\t\t\t\t\t\t\t\t\t\t\t\t\t\t\t\t\t<span class=\"post-cat\">\n\t\t\t\t\t\t\t\t\t\t<i aria-hidden=\"true\" class=\"icon icon-folder\"><\/i>\t\t\t\t\t\t\t\t\t\t<a href=\"https:\/\/www.omgonline.it\/it\/.\/eventi\/\" rel=\"category tag\">Eventi<\/a>\t\t\t\t\t\t\t\t\t<\/span>\n\t\t\t\t\t\t\t\t\t\t\t\t\t\t\t\t\t\t\t\t\t\t\t\t\t\t\t\t\t<\/div>\n\t\t\t\t\t\t\t\t\t\t\t\t\t\n\t\t\t\t\t\t\t\t\n\t\t\t\t\t\t\t\t\t\t\t\t\t\t\t\t\t\t\t\t\t<h2 class=\"entry-title\">\n\t\t\t\t\t<a href=\"https:\/\/www.omgonline.it\/it\/fiera-autopromotec-2-2\/\">\n\t\t\t\t\t\tINTERNATIONAL EISENWARENMESSE 2024 &#8211; COLONIA\t\t\t\t\t<\/a>\n\t\t\t\t<\/h2>\n\t\t\t\t\t\t\t\t\t\t\t\t\t\t\t\t\t\t\t\t\t\t\t\t\t\t\t\t\t\t\t\t\t\t\t\t\t\t\t\t\t\t<p>Abbiamo partecipato alla Fiera EISENWARENMESSE di Colonia, occasione nella quale abbiamo presentato il nostro nuovo&hellip;<\/p>\n\t\t\t\t\t\t\t\t\t\t\t\t\t\t\t\t\t\t\t\t\t\t                                                            <div class=\"btn-wraper\">\n                                                                            <a class=\"elementskit-btn whitespace--normal\" id=\"\" href=\"https:\/\/www.omgonline.it\/it\/fiera-autopromotec-2-2\/\">\n                                            Continua a leggere                                            <i aria-hidden=\"true\" class=\"fas fa-plus\"><\/i>                                        <\/a>\n                                    \n                                                                    <\/div>\n                                                    <\/div><!-- .elementskit-post-body END -->\n                    <\/div>\n                \n            <\/div>\n                    <div class=\"col-lg-4 col-md-6\">\n\n                                    <div class=\"elementskit-post-image-card\">\n                        <div class=\"elementskit-entry-header\">\n                                                            <a href=\"https:\/\/www.omgonline.it\/it\/international-hardware-fair-italy\/\" class=\"elementskit-entry-thumb\">\n                                    <img decoding=\"async\" src=\"https:\/\/www.omgonline.it\/wp-content\/uploads\/2023\/03\/BANNER-FIERA-1.jpg\" alt=\"INTERNATIONAL HARDWARE FAIR ITALY 2023 &#8211; BERGAMO\">\n                                <\/a><!-- .elementskit-entry-thumb END -->\n                                                            \n                            \n\t\t\t\t\t\t\t\t\t\t\t\t\t<\/div><!-- .elementskit-entry-header END -->\n\n\t\t\t\t\t\t<div class=\"elementskit-post-body \">\n\t\t\t\t\t\t\t\n\t\t\t\t\t\t\t\t\t\t\t\t\t\t\t\t\t\t\t\t\t\t\t\t\t\t\t\t<div class=\"post-meta-list\">\n\t\t\t\t\t\t\t\t\t\t\t\t\t\t\t\t\t\t\t\t\t\t\t\t\t\t\t\t\t\t\t\t<span class=\"meta-date\">\n\t\t\t\t\t\t\t\t\t\t<i aria-hidden=\"true\" class=\"icon icon-calendar3\"><\/i>\t\t\t\t\t\t\t\t\t\t<span class=\"meta-date-text\">\n\t\t\t\t\t\t\t\t\t\t\t7 Maggio 2023\t\t\t\t\t\t\t\t\t\t<\/span>\n\t\t\t\t\t\t\t\t\t<\/span>\n\t\t\t\t\t\t\t\t\t\t\t\t\t\t\t\t\t\t\t\t\t\t\t\t\t\t\t\t\t\t\t\t\t\t\t\t\t\t\t\t\t\t\t\t\t\t\t\t\t\t\t\t\t\t\t\t\t\t\t\t\t\t\t\t<span class=\"post-cat\">\n\t\t\t\t\t\t\t\t\t\t<i aria-hidden=\"true\" class=\"icon icon-folder\"><\/i>\t\t\t\t\t\t\t\t\t\t<a href=\"https:\/\/www.omgonline.it\/it\/.\/eventi\/\" rel=\"category tag\">Eventi<\/a>\t\t\t\t\t\t\t\t\t<\/span>\n\t\t\t\t\t\t\t\t\t\t\t\t\t\t\t\t\t\t\t\t\t\t\t\t\t\t\t\t\t<\/div>\n\t\t\t\t\t\t\t\t\t\t\t\t\t\n\t\t\t\t\t\t\t\t\n\t\t\t\t\t\t\t\t\t\t\t\t\t\t\t\t\t\t\t\t\t<h2 class=\"entry-title\">\n\t\t\t\t\t<a href=\"https:\/\/www.omgonline.it\/it\/international-hardware-fair-italy\/\">\n\t\t\t\t\t\tINTERNATIONAL HARDWARE FAIR ITALY 2023 &#8211; BERGAMO\t\t\t\t\t<\/a>\n\t\t\t\t<\/h2>\n\t\t\t\t\t\t\t\t\t\t\t\t\t\t\t\t\t\t\t\t\t\t\t\t\t\t\t\t\t\t\t\t\t\t\t\t\t\t\t\t\t\t<p>Abbiamo partecipato alla prima edizione della International Hardware Fair Italy a Bergamo. Hall A, Stand&hellip;<\/p>\n\t\t\t\t\t\t\t\t\t\t\t\t\t\t\t\t\t\t\t\t\t\t                                                            <div class=\"btn-wraper\">\n                                                                            <a class=\"elementskit-btn whitespace--normal\" id=\"\" href=\"https:\/\/www.omgonline.it\/it\/international-hardware-fair-italy\/\">\n                                            Continua a leggere                                            <i aria-hidden=\"true\" class=\"fas fa-plus\"><\/i>                                        <\/a>\n                                    \n                                                                    <\/div>\n                                                    <\/div><!-- .elementskit-post-body END -->\n                    <\/div>\n                \n            <\/div>\n                    <div class=\"col-lg-4 col-md-6\">\n\n                                    <div class=\"elementskit-post-image-card\">\n                        <div class=\"elementskit-entry-header\">\n                                                            <a href=\"https:\/\/www.omgonline.it\/it\/fiera-autopromotec-2\/\" class=\"elementskit-entry-thumb\">\n                                    <img decoding=\"async\" src=\"https:\/\/www.omgonline.it\/wp-content\/uploads\/2022\/02\/BANNER-002.jpg\" alt=\"AUTOPROMOTEC 2022 &#8211; BOLOGNA\">\n                                <\/a><!-- .elementskit-entry-thumb END -->\n                                                            \n                            \n\t\t\t\t\t\t\t\t\t\t\t\t\t<\/div><!-- .elementskit-entry-header END -->\n\n\t\t\t\t\t\t<div class=\"elementskit-post-body \">\n\t\t\t\t\t\t\t\n\t\t\t\t\t\t\t\t\t\t\t\t\t\t\t\t\t\t\t\t\t\t\t\t\t\t\t\t<div class=\"post-meta-list\">\n\t\t\t\t\t\t\t\t\t\t\t\t\t\t\t\t\t\t\t\t\t\t\t\t\t\t\t\t\t\t\t\t<span class=\"meta-date\">\n\t\t\t\t\t\t\t\t\t\t<i aria-hidden=\"true\" class=\"icon icon-calendar3\"><\/i>\t\t\t\t\t\t\t\t\t\t<span class=\"meta-date-text\">\n\t\t\t\t\t\t\t\t\t\t\t29 Maggio 2022\t\t\t\t\t\t\t\t\t\t<\/span>\n\t\t\t\t\t\t\t\t\t<\/span>\n\t\t\t\t\t\t\t\t\t\t\t\t\t\t\t\t\t\t\t\t\t\t\t\t\t\t\t\t\t\t\t\t\t\t\t\t\t\t\t\t\t\t\t\t\t\t\t\t\t\t\t\t\t\t\t\t\t\t\t\t\t\t\t\t<span class=\"post-cat\">\n\t\t\t\t\t\t\t\t\t\t<i aria-hidden=\"true\" class=\"icon icon-folder\"><\/i>\t\t\t\t\t\t\t\t\t\t<a href=\"https:\/\/www.omgonline.it\/it\/.\/eventi\/\" rel=\"category tag\">Eventi<\/a>\t\t\t\t\t\t\t\t\t<\/span>\n\t\t\t\t\t\t\t\t\t\t\t\t\t\t\t\t\t\t\t\t\t\t\t\t\t\t\t\t\t<\/div>\n\t\t\t\t\t\t\t\t\t\t\t\t\t\n\t\t\t\t\t\t\t\t\n\t\t\t\t\t\t\t\t\t\t\t\t\t\t\t\t\t\t\t\t\t<h2 class=\"entry-title\">\n\t\t\t\t\t<a href=\"https:\/\/www.omgonline.it\/it\/fiera-autopromotec-2\/\">\n\t\t\t\t\t\tAUTOPROMOTEC 2022 &#8211; BOLOGNA\t\t\t\t\t<\/a>\n\t\t\t\t<\/h2>\n\t\t\t\t\t\t\t\t\t\t\t\t\t\t\t\t\t\t\t\t\t\t\t\t\t\t\t\t\t\t\t\t\t\t\t\t\t\t\t\t\t\t<p>Abbiamo partecipato alla Fiera AUTOPROMOTEC, la pi\u00f9 specializzata rassegna internazionale delle attrezzature e dell\u2019aftermarket automobilistico,&hellip;<\/p>\n\t\t\t\t\t\t\t\t\t\t\t\t\t\t\t\t\t\t\t\t\t\t                                                            <div class=\"btn-wraper\">\n                                                                            <a class=\"elementskit-btn whitespace--normal\" id=\"\" href=\"https:\/\/www.omgonline.it\/it\/fiera-autopromotec-2\/\">\n                                            Continua a leggere                                            <i aria-hidden=\"true\" class=\"fas fa-plus\"><\/i>                                        <\/a>\n                                    \n                                                                    <\/div>\n                                                    <\/div><!-- .elementskit-post-body END -->\n                    <\/div>\n                \n            <\/div>\n                <\/div>\n       <\/div>\t\t\t\t<\/div>\n\t\t\t\t<\/div>\n\t\t\t\t\t<\/div>\n\t\t\t\t<\/div>\n\t\t\t\t<\/div>\n\t\t","protected":false},"excerpt":{"rendered":" ","protected":false},"author":1,"featured_media":0,"parent":0,"menu_order":0,"comment_status":"closed","ping_status":"closed","template":"","meta":{"site-sidebar-layout":"default","site-content-layout":"","ast-site-content-layout":"default","site-content-style":"default","site-sidebar-style":"default","ast-global-header-display":"","ast-banner-title-visibility":"","ast-main-header-display":"","ast-hfb-above-header-display":"","ast-hfb-below-header-display":"","ast-hfb-mobile-header-display":"","site-post-title":"","ast-breadcrumbs-content":"","ast-featured-img":"","footer-sml-layout":"","ast-disable-related-posts":"","theme-transparent-header-meta":"","adv-header-id-meta":"","stick-header-meta":"","header-above-stick-meta":"","header-main-stick-meta":"","header-below-stick-meta":"","astra-migrate-meta-layouts":"default","ast-page-background-enabled":"default","ast-page-background-meta":{"desktop":{"background-color":"var(--ast-global-color-4)","background-image":"","background-repeat":"repeat","background-position":"center center","background-size":"auto","background-attachment":"scroll","background-type":"","background-media":"","overlay-type":"","overlay-color":"","overlay-opacity":"","overlay-gradient":""},"tablet":{"background-color":"","background-image":"","background-repeat":"repeat","background-position":"center center","background-size":"auto","background-attachment":"scroll","background-type":"","background-media":"","overlay-type":"","overlay-color":"","overlay-opacity":"","overlay-gradient":""},"mobile":{"background-color":"","background-image":"","background-repeat":"repeat","background-position":"center center","background-size":"auto","background-attachment":"scroll","background-type":"","background-media":"","overlay-type":"","overlay-color":"","overlay-opacity":"","overlay-gradient":""}},"ast-content-background-meta":{"desktop":{"background-color":"var(--ast-global-color-5)","background-image":"","background-repeat":"repeat","background-position":"center center","background-size":"auto","background-attachment":"scroll","background-type":"","background-media":"","overlay-type":"","overlay-color":"","overlay-opacity":"","overlay-gradient":""},"tablet":{"background-color":"var(--ast-global-color-5)","background-image":"","background-repeat":"repeat","background-position":"center center","background-size":"auto","background-attachment":"scroll","background-type":"","background-media":"","overlay-type":"","overlay-color":"","overlay-opacity":"","overlay-gradient":""},"mobile":{"background-color":"var(--ast-global-color-5)","background-image":"","background-repeat":"repeat","background-position":"center center","background-size":"auto","background-attachment":"scroll","background-type":"","background-media":"","overlay-type":"","overlay-color":"","overlay-opacity":"","overlay-gradient":""}},"footnotes":""},"class_list":["post-4238","page","type-page","status-publish","hentry"],"yoast_head":"<!-- This site is optimized with the Yoast SEO plugin v27.5 - https:\/\/yoast.com\/product\/yoast-seo-wordpress\/ -->\n<title>News | O.M.G. GHIOTTO S.R.L.<\/title>\n<meta name=\"description\" content=\"News 27 Marzo 2023 News INTERNATIONAL HARDWARE FAIR ITALY Saremo presenti alla prima edizione di International Hardware Fair Italy powered by\" \/>\n<meta name=\"robots\" content=\"index, follow, max-snippet:-1, max-image-preview:large, max-video-preview:-1\" \/>\n<link rel=\"canonical\" href=\"https:\/\/www.omgonline.it\/it\/news\/\" \/>\n<meta property=\"og:locale\" content=\"it_IT\" \/>\n<meta property=\"og:type\" content=\"article\" \/>\n<meta property=\"og:title\" content=\"News | O.M.G. GHIOTTO S.R.L.\" \/>\n<meta property=\"og:description\" content=\"News 27 Marzo 2023 News INTERNATIONAL HARDWARE FAIR ITALY Saremo presenti alla prima edizione di International Hardware Fair Italy powered by\" \/>\n<meta property=\"og:url\" content=\"https:\/\/www.omgonline.it\/it\/news\/\" \/>\n<meta property=\"og:site_name\" content=\"O.M.G. GHIOTTO S.R.L.\" \/>\n<meta property=\"article:publisher\" content=\"https:\/\/it-it.facebook.com\/OmgDiGhiottoCavGiuseppeCSnc\/\" \/>\n<meta property=\"article:modified_time\" content=\"2023-10-31T14:52:04+00:00\" \/>\n<meta property=\"og:image\" content=\"https:\/\/omgonline.it\/wp-content\/uploads\/2023\/03\/BANNER-FIERA-1.jpg\" \/>\n<meta name=\"twitter:card\" content=\"summary_large_image\" \/>\n<meta name=\"twitter:label1\" content=\"Tempo di lettura stimato\" \/>\n\t<meta name=\"twitter:data1\" content=\"1 minuto\" \/>\n<script type=\"application\/ld+json\" class=\"yoast-schema-graph\">{\"@context\":\"https:\\\/\\\/schema.org\",\"@graph\":[{\"@type\":\"WebPage\",\"@id\":\"https:\\\/\\\/www.omgonline.it\\\/it\\\/news\\\/\",\"url\":\"https:\\\/\\\/www.omgonline.it\\\/it\\\/news\\\/\",\"name\":\"News | O.M.G. GHIOTTO S.R.L.\",\"isPartOf\":{\"@id\":\"https:\\\/\\\/omgonline.it\\\/it\\\/#website\"},\"primaryImageOfPage\":{\"@id\":\"https:\\\/\\\/www.omgonline.it\\\/it\\\/news\\\/#primaryimage\"},\"image\":{\"@id\":\"https:\\\/\\\/www.omgonline.it\\\/it\\\/news\\\/#primaryimage\"},\"thumbnailUrl\":\"https:\\\/\\\/omgonline.it\\\/wp-content\\\/uploads\\\/2023\\\/03\\\/BANNER-FIERA-1.jpg\",\"datePublished\":\"2019-04-24T09:34:07+00:00\",\"dateModified\":\"2023-10-31T14:52:04+00:00\",\"description\":\"News 27 Marzo 2023 News INTERNATIONAL HARDWARE FAIR ITALY Saremo presenti alla prima edizione di International Hardware Fair Italy powered by\",\"breadcrumb\":{\"@id\":\"https:\\\/\\\/www.omgonline.it\\\/it\\\/news\\\/#breadcrumb\"},\"inLanguage\":\"it-IT\",\"potentialAction\":[{\"@type\":\"ReadAction\",\"target\":[\"https:\\\/\\\/www.omgonline.it\\\/it\\\/news\\\/\"]}]},{\"@type\":\"ImageObject\",\"inLanguage\":\"it-IT\",\"@id\":\"https:\\\/\\\/www.omgonline.it\\\/it\\\/news\\\/#primaryimage\",\"url\":\"https:\\\/\\\/omgonline.it\\\/wp-content\\\/uploads\\\/2023\\\/03\\\/BANNER-FIERA-1.jpg\",\"contentUrl\":\"https:\\\/\\\/omgonline.it\\\/wp-content\\\/uploads\\\/2023\\\/03\\\/BANNER-FIERA-1.jpg\"},{\"@type\":\"BreadcrumbList\",\"@id\":\"https:\\\/\\\/www.omgonline.it\\\/it\\\/news\\\/#breadcrumb\",\"itemListElement\":[{\"@type\":\"ListItem\",\"position\":1,\"name\":\"Home\",\"item\":\"https:\\\/\\\/www.omgonline.it\\\/it\\\/\"},{\"@type\":\"ListItem\",\"position\":2,\"name\":\"News\"}]},{\"@type\":\"WebSite\",\"@id\":\"https:\\\/\\\/omgonline.it\\\/it\\\/#website\",\"url\":\"https:\\\/\\\/omgonline.it\\\/it\\\/\",\"name\":\"O.M.G. GHIOTTO S.R.L.\",\"description\":\"Leader dal 1978 in aerografi e accessori di qualit\u00e0\",\"publisher\":{\"@id\":\"https:\\\/\\\/omgonline.it\\\/it\\\/#organization\"},\"alternateName\":\"Produttore di aerografi, pistole, accessori per aria compressa\",\"potentialAction\":[{\"@type\":\"SearchAction\",\"target\":{\"@type\":\"EntryPoint\",\"urlTemplate\":\"https:\\\/\\\/omgonline.it\\\/it\\\/?s={search_term_string}\"},\"query-input\":{\"@type\":\"PropertyValueSpecification\",\"valueRequired\":true,\"valueName\":\"search_term_string\"}}],\"inLanguage\":\"it-IT\"},{\"@type\":\"Organization\",\"@id\":\"https:\\\/\\\/omgonline.it\\\/it\\\/#organization\",\"name\":\"O.M.G. di Ghiotto Cav. Giuseppe & C. s.n.c.\",\"alternateName\":\"Leader dal 1978 in aerografi e accessori di qualit\u00e0\",\"url\":\"https:\\\/\\\/omgonline.it\\\/it\\\/\",\"logo\":{\"@type\":\"ImageObject\",\"inLanguage\":\"it-IT\",\"@id\":\"https:\\\/\\\/omgonline.it\\\/it\\\/#\\\/schema\\\/logo\\\/image\\\/\",\"url\":\"https:\\\/\\\/www.omgonline.it\\\/wp-content\\\/uploads\\\/2017\\\/10\\\/omg-ghiotto-logo.png\",\"contentUrl\":\"https:\\\/\\\/www.omgonline.it\\\/wp-content\\\/uploads\\\/2017\\\/10\\\/omg-ghiotto-logo.png\",\"width\":308,\"height\":308,\"caption\":\"O.M.G. di Ghiotto Cav. Giuseppe & C. s.n.c.\"},\"image\":{\"@id\":\"https:\\\/\\\/omgonline.it\\\/it\\\/#\\\/schema\\\/logo\\\/image\\\/\"},\"sameAs\":[\"https:\\\/\\\/it-it.facebook.com\\\/OmgDiGhiottoCavGiuseppeCSnc\\\/\"]}]}<\/script>\n<!-- \/ Yoast SEO plugin. -->","yoast_head_json":{"title":"News | O.M.G. GHIOTTO S.R.L.","description":"News 27 Marzo 2023 News INTERNATIONAL HARDWARE FAIR ITALY Saremo presenti alla prima edizione di International Hardware Fair Italy powered by","robots":{"index":"index","follow":"follow","max-snippet":"max-snippet:-1","max-image-preview":"max-image-preview:large","max-video-preview":"max-video-preview:-1"},"canonical":"https:\/\/www.omgonline.it\/it\/news\/","og_locale":"it_IT","og_type":"article","og_title":"News | O.M.G. GHIOTTO S.R.L.","og_description":"News 27 Marzo 2023 News INTERNATIONAL HARDWARE FAIR ITALY Saremo presenti alla prima edizione di International Hardware Fair Italy powered by","og_url":"https:\/\/www.omgonline.it\/it\/news\/","og_site_name":"O.M.G. GHIOTTO S.R.L.","article_publisher":"https:\/\/it-it.facebook.com\/OmgDiGhiottoCavGiuseppeCSnc\/","article_modified_time":"2023-10-31T14:52:04+00:00","og_image":[{"url":"https:\/\/omgonline.it\/wp-content\/uploads\/2023\/03\/BANNER-FIERA-1.jpg","type":"","width":"","height":""}],"twitter_card":"summary_large_image","twitter_misc":{"Tempo di lettura stimato":"1 minuto"},"schema":{"@context":"https:\/\/schema.org","@graph":[{"@type":"WebPage","@id":"https:\/\/www.omgonline.it\/it\/news\/","url":"https:\/\/www.omgonline.it\/it\/news\/","name":"News | O.M.G. GHIOTTO S.R.L.","isPartOf":{"@id":"https:\/\/omgonline.it\/it\/#website"},"primaryImageOfPage":{"@id":"https:\/\/www.omgonline.it\/it\/news\/#primaryimage"},"image":{"@id":"https:\/\/www.omgonline.it\/it\/news\/#primaryimage"},"thumbnailUrl":"https:\/\/omgonline.it\/wp-content\/uploads\/2023\/03\/BANNER-FIERA-1.jpg","datePublished":"2019-04-24T09:34:07+00:00","dateModified":"2023-10-31T14:52:04+00:00","description":"News 27 Marzo 2023 News INTERNATIONAL HARDWARE FAIR ITALY Saremo presenti alla prima edizione di International Hardware Fair Italy powered by","breadcrumb":{"@id":"https:\/\/www.omgonline.it\/it\/news\/#breadcrumb"},"inLanguage":"it-IT","potentialAction":[{"@type":"ReadAction","target":["https:\/\/www.omgonline.it\/it\/news\/"]}]},{"@type":"ImageObject","inLanguage":"it-IT","@id":"https:\/\/www.omgonline.it\/it\/news\/#primaryimage","url":"https:\/\/omgonline.it\/wp-content\/uploads\/2023\/03\/BANNER-FIERA-1.jpg","contentUrl":"https:\/\/omgonline.it\/wp-content\/uploads\/2023\/03\/BANNER-FIERA-1.jpg"},{"@type":"BreadcrumbList","@id":"https:\/\/www.omgonline.it\/it\/news\/#breadcrumb","itemListElement":[{"@type":"ListItem","position":1,"name":"Home","item":"https:\/\/www.omgonline.it\/it\/"},{"@type":"ListItem","position":2,"name":"News"}]},{"@type":"WebSite","@id":"https:\/\/omgonline.it\/it\/#website","url":"https:\/\/omgonline.it\/it\/","name":"O.M.G. GHIOTTO S.R.L.","description":"Leader dal 1978 in aerografi e accessori di qualit\u00e0","publisher":{"@id":"https:\/\/omgonline.it\/it\/#organization"},"alternateName":"Produttore di aerografi, pistole, accessori per aria compressa","potentialAction":[{"@type":"SearchAction","target":{"@type":"EntryPoint","urlTemplate":"https:\/\/omgonline.it\/it\/?s={search_term_string}"},"query-input":{"@type":"PropertyValueSpecification","valueRequired":true,"valueName":"search_term_string"}}],"inLanguage":"it-IT"},{"@type":"Organization","@id":"https:\/\/omgonline.it\/it\/#organization","name":"O.M.G. di Ghiotto Cav. Giuseppe & C. s.n.c.","alternateName":"Leader dal 1978 in aerografi e accessori di qualit\u00e0","url":"https:\/\/omgonline.it\/it\/","logo":{"@type":"ImageObject","inLanguage":"it-IT","@id":"https:\/\/omgonline.it\/it\/#\/schema\/logo\/image\/","url":"https:\/\/www.omgonline.it\/wp-content\/uploads\/2017\/10\/omg-ghiotto-logo.png","contentUrl":"https:\/\/www.omgonline.it\/wp-content\/uploads\/2017\/10\/omg-ghiotto-logo.png","width":308,"height":308,"caption":"O.M.G. di Ghiotto Cav. Giuseppe & C. s.n.c."},"image":{"@id":"https:\/\/omgonline.it\/it\/#\/schema\/logo\/image\/"},"sameAs":["https:\/\/it-it.facebook.com\/OmgDiGhiottoCavGiuseppeCSnc\/"]}]}},"_links":{"self":[{"href":"https:\/\/www.omgonline.it\/it\/wp-json\/wp\/v2\/pages\/4238","targetHints":{"allow":["GET"]}}],"collection":[{"href":"https:\/\/www.omgonline.it\/it\/wp-json\/wp\/v2\/pages"}],"about":[{"href":"https:\/\/www.omgonline.it\/it\/wp-json\/wp\/v2\/types\/page"}],"author":[{"embeddable":true,"href":"https:\/\/www.omgonline.it\/it\/wp-json\/wp\/v2\/users\/1"}],"replies":[{"embeddable":true,"href":"https:\/\/www.omgonline.it\/it\/wp-json\/wp\/v2\/comments?post=4238"}],"version-history":[{"count":0,"href":"https:\/\/www.omgonline.it\/it\/wp-json\/wp\/v2\/pages\/4238\/revisions"}],"wp:attachment":[{"href":"https:\/\/www.omgonline.it\/it\/wp-json\/wp\/v2\/media?parent=4238"}],"curies":[{"name":"wp","href":"https:\/\/api.w.org\/{rel}","templated":true}]}}